{"id":26,"date":"2024-05-15T15:48:57","date_gmt":"2024-05-15T13:48:57","guid":{"rendered":"http:\/\/www.contreforme-editions.com\/?p=26"},"modified":"2025-03-22T15:50:09","modified_gmt":"2025-03-22T14:50:09","slug":"quitter-tito","status":"publish","type":"product","link":"https:\/\/www.contreforme-editions.com\/index.php\/produit\/quitter-tito\/","title":{"rendered":"Quitter Tito"},"content":{"rendered":"<figure id=\"attachment_45\" aria-describedby=\"caption-attachment-45\" style=\"width: 197px\" class=\"wp-caption alignright\"><img loading=\"lazy\" decoding=\"async\" class=\"size-medium wp-image-45\" src=\"http:\/\/www.contreforme-editions.com\/wp-content\/uploads\/2024\/05\/couverture-QUITTER-TITO-web-197x300.jpg\" alt=\"Quitter Tito, Patricie FLORIC \u00a9Contreforme \u00e9ditions\" width=\"197\" height=\"300\" srcset=\"https:\/\/www.contreforme-editions.com\/wp-content\/uploads\/2024\/05\/couverture-QUITTER-TITO-web-197x300.jpg 197w, https:\/\/www.contreforme-editions.com\/wp-content\/uploads\/2024\/05\/couverture-QUITTER-TITO-web.jpg 354w\" sizes=\"auto, (max-width: 197px) 100vw, 197px\" \/><figcaption id=\"caption-attachment-45\" class=\"wp-caption-text\">Quitter Tito, Patricia Floric \u00a9Contreforme \u00e9ditions<\/figcaption><\/figure>\n<p><strong><em>Quitter Tito <\/em><\/strong>(404 pages)<strong>\u00a0:<\/strong> En 1942, Stanko na\u00eet dans une famille valaque. Il grandit au-dessus du Danube dans une petite maison nich\u00e9e \u00e0 l\u2019or\u00e9e des bois, qu\u2019il quitte d\u00e8s qu\u2019il en a l\u2019occasion. Si son histoire d\u00e9marre comme dans un conte, son aventure dans la Yougoslavie de Tito est ancr\u00e9e dans le r\u00e9el et nous embarque dans un road trip vers l\u2019Ouest. Stanko, plein de candeur, enjambe les fronti\u00e8res et les cultures sans se soucier des bouleversements politiques et soci\u00e9taux qui se jouent autour de lui. Inspir\u00e9 d\u2019une histoire vraie, ce r\u00e9cit traverse un pays qui a aujourd\u2019hui disparu.\/<em> parution juillet 2024.<\/em><\/p>\n<p><strong>L\u2019autrice :\u00a0 <\/strong>Apr\u00e8s des \u00e9tudes de journalisme \u00e0 Bruxelles et \u00e0 Londres, puis diff\u00e9rents postes dans ce domaine, Patricia Floric s\u2019est install\u00e9e dans le Cantal o\u00f9 elle enseigne depuis 10 ans en Post-Bac (cultures de la communication, litt\u00e9rature et sciences humaines). Passionn\u00e9e de travaux \u00e9ditoriaux, elle collabore avec des artistes issus de la BD pour des projets culturels. Elle a par ailleurs publi\u00e9 plusieurs r\u00e9cits, dont le dernier, <em>Les jardins de l\u2019ombre <\/em>(L\u2019Harmattan, 2020) sur la r\u00e9sistance culturelle au Proche et Moyen Orient.<\/p>\n<p>Elle est co-fondatrice de Contreforme \u00e9ditions avec Jean-Louis Benavent.<\/p>\n<p>&nbsp;<\/p>\n<p><strong>L\u2019objet-livre : Contreforme \u00e9ditions est une structure associative qui respecte l\u2019environnement et qui a choisi de faire imprimer tous ses livres en France et \u00e0 proximit\u00e9 de son si\u00e8ge social. Ainsi, nous avons choisi de travailler avec l\u2019imprimerie Champagnac dans le Cantal, qui imprime sur du papier recycl\u00e9, avec de l\u2019encre v\u00e9g\u00e9tale aux normes FSC. Pour garantir un livre de qualit\u00e9 qui puisse int\u00e9grer durablement vos \u00e9tag\u00e8res et vos biblioth\u00e8ques, nous avons opt\u00e9 pour un dos carr\u00e9-coll\u00e9 en cahiers cousus, avec du papier 90gr\/m2 (int\u00e9rieur) ainsi qu\u2019une couverture imprim\u00e9e en ton direct (3 couleurs Pantone \u00ae). Format : 125mm x 190mm.\u00a0<\/strong><\/p>\n","protected":false},"excerpt":{"rendered":"<p>Quitter Tito (404 pages)\u00a0: En 1942, Stanko na\u00eet dans une famille valaque. Il grandit au-dessus du Danube dans une petite maison nich\u00e9e \u00e0 l\u2019or\u00e9e des bois, qu\u2019il quitte d\u00e8s qu\u2019il en a l\u2019occasion. Si son histoire d\u00e9marre comme dans un conte, son aventure dans la Yougoslavie de Tito est ancr\u00e9e dans le r\u00e9el et nous [&hellip;]<\/p>\n","protected":false},"featured_media":45,"comment_status":"closed","ping_status":"closed","template":"","meta":[],"product_brand":[],"product_cat":[22],"product_tag":[29,26,28,27,24,25],"class_list":{"0":"post-26","1":"product","2":"type-product","3":"status-publish","4":"has-post-thumbnail","6":"product_cat-collection-contrecourant","7":"product_tag-aventure","8":"product_tag-balkan","9":"product_tag-contrfome","10":"product_tag-floric","11":"product_tag-livre","12":"product_tag-roman","14":"first","15":"instock","16":"shipping-taxable","17":"purchasable","18":"product-type-simple"},"jetpack_sharing_enabled":true,"_links":{"self":[{"href":"https:\/\/www.contreforme-editions.com\/index.php\/wp-json\/wp\/v2\/product\/26","targetHints":{"allow":["GET"]}}],"collection":[{"href":"https:\/\/www.contreforme-editions.com\/index.php\/wp-json\/wp\/v2\/product"}],"about":[{"href":"https:\/\/www.contreforme-editions.com\/index.php\/wp-json\/wp\/v2\/types\/product"}],"replies":[{"embeddable":true,"href":"https:\/\/www.contreforme-editions.com\/index.php\/wp-json\/wp\/v2\/comments?post=26"}],"wp:featuredmedia":[{"embeddable":true,"href":"https:\/\/www.contreforme-editions.com\/index.php\/wp-json\/wp\/v2\/media\/45"}],"wp:attachment":[{"href":"https:\/\/www.contreforme-editions.com\/index.php\/wp-json\/wp\/v2\/media?parent=26"}],"wp:term":[{"taxonomy":"product_brand","embeddable":true,"href":"https:\/\/www.contreforme-editions.com\/index.php\/wp-json\/wp\/v2\/product_brand?post=26"},{"taxonomy":"product_cat","embeddable":true,"href":"https:\/\/www.contreforme-editions.com\/index.php\/wp-json\/wp\/v2\/product_cat?post=26"},{"taxonomy":"product_tag","embeddable":true,"href":"https:\/\/www.contreforme-editions.com\/index.php\/wp-json\/wp\/v2\/product_tag?post=26"}],"curies":[{"name":"wp","href":"https:\/\/api.w.org\/{rel}","templated":true}]}}